{"id":374,"date":"2019-04-02T17:46:38","date_gmt":"2019-04-02T15:46:38","guid":{"rendered":"http:\/\/esmclub.be\/site\/?page_id=374"},"modified":"2024-10-24T16:11:39","modified_gmt":"2024-10-24T14:11:39","slug":"les-entrainements","status":"publish","type":"page","link":"https:\/\/esmclub.be\/site\/les-entrainements\/","title":{"rendered":"Les entra\u00eenements"},"content":{"rendered":"<p>Les entra\u00eenements sont organis\u00e9s et dirig\u00e9s par Paul TIMMERMANS le mercedi \u00e0 Monceau et le samedi \u00e0 Thuin.<\/p>\n<p><span style=\"text-decoration: underline;\"><strong><span style=\"color: #0000ff; text-decoration: underline;\">Pour les adultes<\/span><\/strong><\/span><\/p>\n<p>Le mercredi, l&rsquo;\u00e9chauffement commence vers 17h et les intervalles d\u00e9butent entre 17h30 pour se terminer vers 18h30.\u00a0 Voici quelques explications sur le pourquoi du comment des groupes:\u00a0<span style=\"color: #3366ff;\"> un tableau reprenant la composition des groupes sera affich\u00e9 dans le hall des vestiaires!\u00a0<\/span><\/p>\n<ol>\n<li><u> Organisation des groupes.<\/u><\/li>\n<\/ol>\n<p>Chaque groupe rassemble \u00e0 la fois des personnes qui ont des objectifs relativement communs en mati\u00e8re d\u2019entra\u00eenement et aussi des niveaux de forme assez homog\u00e8nes. De surcro\u00eet, au sein de chaque groupe, en fonction de la forme affich\u00e9e ou de r\u00e9sultats r\u00e9cents ou encore de tests collectifs (type 4 x 1000 m) sont organis\u00e9s des sous-groupes. Chaque sous-groupe est conduit par un(e) r\u00e9f\u00e9rent(e). Le programme du groupe vaut pour tous les sous-groupes qui le composent.<\/p>\n<ol start=\"2\">\n<li><u> R\u00e9partition dans les groupes<\/u><\/li>\n<\/ol>\n<p>Cette r\u00e9partition peut fluctuer au cours de l&rsquo;ann\u00e9e, en fonction des progr\u00e8s r\u00e9alis\u00e9s, de la forme du moment, des probl\u00e8mes li\u00e9s aux blessures, du changement d&rsquo;objectifs\u2026.<\/p>\n<p>On passe d&rsquo;un groupe \u00e0 l&rsquo;autre normalement apr\u00e8s concertation avec les r\u00e9f\u00e9rents ou l&rsquo;entra\u00eeneur. Ne pas h\u00e9siter \u00e0 en parler. Il n&rsquo;est pas pertinent d&rsquo;\u00eatre dans un groupe o\u00f9 l&rsquo;on est \u00e0 la peine tout le temps ou aussi 50 m en permanence devant les autres. La progression est meilleure dans un sous-groupe homog\u00e8ne.<\/p>\n<ol start=\"3\">\n<li><u> R\u00f4le et fonction des r\u00e9f\u00e9rents. <\/u><br \/>\nLes r\u00e9f\u00e9rents sont des coureurs exp\u00e9riment\u00e9s qui, au sein de leur sous-groupe\u00a0:<\/li>\n<\/ol>\n<p>&#8211; disposent des informations sur le programme du jour et en ma\u00eetrisent la bonne ex\u00e9cution<\/p>\n<p>&#8211; donnent les d\u00e9parts du fractionn\u00e9, prennent les temps, les communiquent aux participants du groupe et veillent au respect des temps de r\u00e9cup\u00e9ration<\/p>\n<p>&#8211; sont attentifs \u00e0 l&rsquo;int\u00e9gration des coureurs et le cas \u00e9ch\u00e9ant, \u00e9voquent avec l\u2019entra\u00eeneur un \u00e9ventuel changement de sous-groupe.<br \/>\nId\u00e9alement, il faudrait plus d&rsquo;un r\u00e9f\u00e9rent par sous groupe pour garantir une pr\u00e9sence r\u00e9guli\u00e8re. Si vous \u00eates dispos\u00e9 \u00e0 assumer le r\u00f4le, faites le savoir.<\/p>\n<table>\n<tbody>\n<tr>\n<td width=\"117\">Groupes<\/td>\n<td width=\"525\">R\u00e9f\u00e9rent(e)s<\/td>\n<\/tr>\n<tr>\n<td width=\"117\">1 A<\/td>\n<td width=\"525\">S\u00e9bastien<\/td>\n<\/tr>\n<tr>\n<td width=\"117\">1 B<\/td>\n<td width=\"525\">Pierre , Jo\u00ebl B<\/td>\n<\/tr>\n<tr>\n<td width=\"117\">1 C<\/td>\n<td width=\"525\">Virginie D<\/td>\n<\/tr>\n<tr>\n<td width=\"117\">2 A<\/td>\n<td width=\"525\">Pascal L, Eric D<\/td>\n<\/tr>\n<tr>\n<td width=\"117\">2 B<\/td>\n<td width=\"525\">Camille<\/td>\n<\/tr>\n<tr>\n<td width=\"117\">2 C<\/td>\n<td width=\"525\">B\u00e9n\u00e9dicte<\/td>\n<\/tr>\n<tr>\n<td width=\"117\">3 A<\/td>\n<td width=\"525\">Pascal G<\/td>\n<\/tr>\n<tr>\n<td width=\"117\">3 B<\/td>\n<td width=\"525\">Fran\u00e7oise, \u00c9milie<\/td>\n<\/tr>\n<tr>\n<td width=\"117\">4 A<\/td>\n<td width=\"525\">Patrick\u00a0 V?<\/td>\n<\/tr>\n<tr>\n<td width=\"117\">4 B<\/td>\n<td width=\"525\"><span style=\"color: #000000;\">Derry<\/span><span style=\"color: #ff0000;\"> Attention ce groupe d\u00e9bute \u00e0 16h45\u00a0<\/span><\/td>\n<\/tr>\n<\/tbody>\n<\/table>\n<p><span style=\"text-decoration: underline;\"><strong><span style=\"color: #3366ff; text-decoration: underline;\">Autre possibilit\u00e9:<\/span><\/strong><\/span><\/p>\n<p><img decoding=\"async\" class=\"alignleft\" src=\"https:\/\/esmclub.be\/wp-content\/gallery\/images\/thumbs\/thumbs_Chrisitian.JPG?i=1153483477\" \/>Si tu d\u00e9butes dans la course \u00e0 pied ou que tu h\u00e9sites sur ton niveau r\u00e9el, Christian LAUWAERT se fera un plaisir de t&rsquo;accompagner pour ton premier entra\u00eenement.<\/p>\n<h1><\/h1>\n<p><strong><span style=\"color: #0000ff;\"><u>Pour les enfants uniquement le mercredi :<\/u><\/span><\/strong><\/p>\n<ul>\n<li>Une animation est assur\u00e9e d\u00e8s 16h45 et jusque 18h30 par Marie-Christine. En fonction de la m\u00e9t\u00e9o, la garderie se d\u00e9roule au club house ou dans la cour.<\/li>\n<li>D\u00e8s 6 ans et en fonction du niveau de psychomotricit\u00e9 atteint, les enfants peuvent suivre les entra\u00eenements d&rsquo;Alain FRANCIS d\u00e8s 17 heures. Une fois l&rsquo;entra\u00eenement termin\u00e9, vos enfants sont ramen\u00e9s \u00e0 la garderie.<\/li>\n<li>D\u00e8s 12 ans, en fonction de son \u00e9volution et de l&rsquo;avis de la cellule sportive, l&rsquo;enfant peut rejoindre le groupe \u00ab\u00a0ado\u00a0\u00bb coach\u00e9 par Marcel. L&rsquo;entrainement se d\u00e9roule dans le parc d\u00e8s 17 heures.<\/li>\n<\/ul>\n<p>Lorsque les enfants suivent un entra\u00eeneur, la cotisation suit la m\u00eame r\u00e8gle que pour les adultes (35\u20ac pour le 1<sup>er<\/sup> inscrit, 25\u20ac pour les autres vivant sous le m\u00eame toit)<\/p>\n","protected":false},"excerpt":{"rendered":"<p>Les entra\u00eenements sont organis\u00e9s et dirig\u00e9s par Paul TIMMERMANS le mercedi \u00e0 Monceau et le samedi \u00e0 Thuin. Pour les adultes Le mercredi, l&rsquo;\u00e9chauffement commence vers 17h et les intervalles d\u00e9butent entre 17h30 pour se terminer vers 18h30.\u00a0 Voici quelques &hellip;<\/p>\n<p><a href=\"https:\/\/esmclub.be\/site\/les-entrainements\/\">Continue Reading<span class=\"meta-nav\">&rarr;<\/span><\/a><\/p>\n","protected":false},"author":5,"featured_media":0,"parent":0,"menu_order":0,"comment_status":"closed","ping_status":"closed","template":"","meta":{"footnotes":""},"class_list":["post-374","page","type-page","status-publish","hentry"],"_links":{"self":[{"href":"https:\/\/esmclub.be\/site\/wp-json\/wp\/v2\/pages\/374","targetHints":{"allow":["GET"]}}],"collection":[{"href":"https:\/\/esmclub.be\/site\/wp-json\/wp\/v2\/pages"}],"about":[{"href":"https:\/\/esmclub.be\/site\/wp-json\/wp\/v2\/types\/page"}],"author":[{"embeddable":true,"href":"https:\/\/esmclub.be\/site\/wp-json\/wp\/v2\/users\/5"}],"replies":[{"embeddable":true,"href":"https:\/\/esmclub.be\/site\/wp-json\/wp\/v2\/comments?post=374"}],"version-history":[{"count":11,"href":"https:\/\/esmclub.be\/site\/wp-json\/wp\/v2\/pages\/374\/revisions"}],"predecessor-version":[{"id":3846,"href":"https:\/\/esmclub.be\/site\/wp-json\/wp\/v2\/pages\/374\/revisions\/3846"}],"wp:attachment":[{"href":"https:\/\/esmclub.be\/site\/wp-json\/wp\/v2\/media?parent=374"}],"curies":[{"name":"wp","href":"https:\/\/api.w.org\/{rel}","templated":true}]}}